{"id":14418,"date":"2025-02-06T15:27:36","date_gmt":"2025-02-06T13:27:36","guid":{"rendered":"https:\/\/www.cig-icg.gr\/?post_type=tribe_events&#038;p=14418"},"modified":"2025-03-12T18:18:19","modified_gmt":"2025-03-12T16:18:19","slug":"une-soiree-litteraire-avec-lecrivaine-canadienne-acclamee-irena-karafilly","status":"publish","type":"tribe_events","link":"https:\/\/www.cig-icg.gr\/fr\/event\/une-soiree-litteraire-avec-lecrivaine-canadienne-acclamee-irena-karafilly\/","title":{"rendered":"Une soir\u00e9e litt\u00e9raire avec l&rsquo;\u00e9crivaine canadienne acclam\u00e9e\u00a0Irena Karafilly"},"content":{"rendered":"<div  class=\"tribe-events-schedule tribe-clearfix\" >\n\t<p class=\"tribe-events-schedule__datetime\">\n\t\t<span class=\"tribe-events-schedule__date tribe-events-schedule__date--start\">\n\t\t\tmars 19, 2025\t\t<\/span>\n\n\t\t\t\t\t<span class=\"tribe-events-schedule__separator tribe-events-schedule__separator--date\">\n\t\t\t\t @      \t\t\t<\/span>\n\t\t\t<span class=\"tribe-events-schedule__time tribe-events-schedule__time--start\">\n\t\t\t\t18h30\t\t\t<\/span>\n\t\t\n\t\t\t\t\t\t\t\t\t<span class=\"tribe-events-schedule__separator tribe-events-schedule__separator--time\">\n\t\t\t\t\t&#8211;\t\t\t\t<\/span>\n\t\t\t\n\t\t\t\t\t\t\t<span class=\"tribe-events-schedule__time tribe-events-schedule__time--end\">\n\t\t\t\t\t20h30\t\t\t\t<\/span>\n\t\t\t\n\t\t\t\t\t\t<\/p>\n<\/div>\n\n\n\n<p>Une soir\u00e9e litt\u00e9raire avec l&rsquo;auteure&nbsp;canadienne acclam\u00e9e&nbsp;Irena Karafilly en conversation avec l&rsquo;\u00e9crivaine et journaliste Diane Shugart. L&rsquo;\u00e9v\u00e9nement comprendra des lectures du roman de Mme&nbsp;Karafilly \u00ab Arrested Song \u00bb et une discussion approfondie sur son \u0153uvre, ses inspirations et ses&nbsp;liens avec la culture et l&rsquo;histoire de la Gr\u00e8ce. L&rsquo;\u00e9v\u00e9nement se tiendra&nbsp;en anglais.<\/p>\n\n\n\n<p>Live-stream: <a href=\"https:\/\/www.youtube.com\/watch?v=2muKHCScbMM\" target=\"_blank\" rel=\"noreferrer noopener\">https:\/\/www.youtube.com\/watch?v=2muKHCScbMM<\/a><\/p>\n\n\n<div  class=\"tribe-block tribe-block__event-price\" >\n\t\t<\/div>\n\n\n\n\n<div  class=\"tribe-block tribe-block__venue tribe-clearfix tribe-block__venue--has-map\" >\n\t\n\t\n<div class=\"tribe-block__venue__meta\">\n\t<div class=\"tribe-block__venue__name\">\n\t\t<h3>The Canadian Institute in Greece<\/h3>\n\t<\/div>\n\n\t\n\t\t\t\t\t\t<address class=\"tribe-block__venue__address\">\n\t\t\t\t<span class=\"tribe-address\">\n\n<span class=\"tribe-street-address\">Orminiou 3A<\/span>\n\t\n\t\t<br>\n\t\t<span class=\"tribe-locality\">Athens<\/span><span class=\"tribe-delimiter\">,<\/span>\n\n\n\t<span class=\"tribe-postal-code\">11528<\/span>\n\n\t<span class=\"tribe-country-name\">Greece<\/span>\n\n<\/span>\n\n\t\t\t\t\t\t\t\t\t<a class=\"tribe-events-gmap\" href=\"https:\/\/maps.google.com\/maps?f=q&#038;source=s_q&#038;hl=en&#038;geocode=&#038;q=Orminiou+3A+Athens+11528+Greece\" title=\"Cliquez pour voir une carte Google Map\" target=\"_blank\" rel=\"noreferrer noopener\">+ Google Map<\/a>\t\t\t\t\t\t\t<\/address>\n\t\t\n\t\t\n\t\t\t\n\t<\/div>\n\t\n<div class=\"tribe-block__venue__map\">\n\t\n<iframe\n  title=\"L\u2018iframe Google maps affichant l\u2019adresse \u00e0 The Canadian Institute in Greece\"\n  aria-label=\"Plan des lieux\"\n  width=\"310px\"\n  height=\"256px\"\n  frameborder=\"0\" style=\"border:0\"\n  src=\"https:\/\/www.google.com\/maps\/embed\/v1\/place?key=AIzaSyDNsicAsP6-VuGtAb1O9riI3oc_NOb7IOU&#038;q=Orminiou+3A+Athens+11528+Greece+&#038;zoom=10\" allowfullscreen>\n<\/iframe>\n<\/div>\n\n\t<\/div>\n\n\n\n\n\t<div  class=\"tribe-block tribe-block__events-link\" >\n\t\t<div class=\"tribe-events tribe-common\">\n\t\t\t<div class=\"tribe-events-c-subscribe-dropdown__container\">\n\t\t\t\t<div class=\"tribe-events-c-subscribe-dropdown\">\n\t\t\t\t\t<div class=\"tribe-common-c-btn-border tribe-events-c-subscribe-dropdown__button\">\n\t\t\t\t\t\t<svg\n\t class=\"tribe-common-c-svgicon tribe-common-c-svgicon--cal-export tribe-events-c-subscribe-dropdown__export-icon\" \taria-hidden=\"true\"\n\tviewBox=\"0 0 23 17\"\n\txmlns=\"http:\/\/www.w3.org\/2000\/svg\"\n>\n\t<path fill-rule=\"evenodd\" clip-rule=\"evenodd\" d=\"M.128.896V16.13c0 .211.145.383.323.383h15.354c.179 0 .323-.172.323-.383V.896c0-.212-.144-.383-.323-.383H.451C.273.513.128.684.128.896Zm16 6.742h-.901V4.679H1.009v10.729h14.218v-3.336h.901V7.638ZM1.01 1.614h14.218v2.058H1.009V1.614Z\" \/>\n\t<path d=\"M20.5 9.846H8.312M18.524 6.953l2.89 2.909-2.855 2.855\" stroke-width=\"1.2\" stroke-linecap=\"round\" stroke-linejoin=\"round\"\/>\n<\/svg>\n\t\t\t\t\t\t<button\n\t\t\t\t\t\t\tclass=\"tribe-events-c-subscribe-dropdown__button-text\"\n\t\t\t\t\t\t\taria-expanded=\"false\"\n\t\t\t\t\t\t\taria-controls=\"tribe-events-subscribe-dropdown-content\"\n\t\t\t\t\t\t\taria-label=\"Afficher les liens permettant d\u2019ajouter des \u00e9v\u00e8nements \u00e0 votre calendrier\"\n\t\t\t\t\t\t>\n\t\t\t\t\t\t\tAjouter au calendrier\t\t\t\t\t\t<\/button>\n\t\t\t\t\t\t<svg\n\t class=\"tribe-common-c-svgicon tribe-common-c-svgicon--caret-down tribe-events-c-subscribe-dropdown__button-icon\" \taria-hidden=\"true\"\n\tviewBox=\"0 0 10 7\"\n\txmlns=\"http:\/\/www.w3.org\/2000\/svg\"\n>\n\t<path fill-rule=\"evenodd\" clip-rule=\"evenodd\" d=\"M1.008.609L5 4.6 8.992.61l.958.958L5 6.517.05 1.566l.958-.958z\" class=\"tribe-common-c-svgicon__svg-fill\"\/>\n<\/svg>\n\t\t\t\t\t<\/div>\n\t\t\t\t\t<div id=\"tribe-events-subscribe-dropdown-content\" class=\"tribe-events-c-subscribe-dropdown__content\">\n\t\t\t\t\t\t<ul class=\"tribe-events-c-subscribe-dropdown__list\">\n\t\t\t\t\t\t\t\t\t\t\t\t\t\t\t<li class=\"tribe-events-c-subscribe-dropdown__list-item tribe-events-c-subscribe-dropdown__list-item--gcal\">\n\t\t\t\t\t\t\t\t\t<a\n\t\t\t\t\t\t\t\t\t\thref=\"https:\/\/www.google.com\/calendar\/event?action=TEMPLATE&#038;dates=20250319T183000\/20250319T203000&#038;text=Une%20soir%C3%A9e%20litt%C3%A9raire%20avec%20l%26rsquo%3B%C3%A9crivaine%20canadienne%20acclam%C3%A9e%C2%A0Irena%20Karafilly&#038;details=%3Cp%3EUne+soir%C3%A9e+litt%C3%A9raire+avec+l%27auteure%26nbsp%3Bcanadienne+acclam%C3%A9e%26nbsp%3BIrena+Karafilly+en+conversation+avec+l%27%C3%A9crivaine+et+journaliste+Diane+Shugart.+L%27%C3%A9v%C3%A9nement+comprendra+des+lectures+du+roman+de+Mme%26nbsp%3BKarafilly+%C2%AB+Arrested+Song+%C2%BB+et+une+discussion+approfondie+sur+son+%C5%93uvre%2C+ses+inspirations+et+ses%26nbsp%3Bliens+avec+la+culture+et+l%27histoire+de+la+Gr%C3%A8ce.+L%27%C3%A9v%C3%A9nement+se+tiendra%26nbsp%3Ben+anglais.%3C%2Fp%3E+%3Cp%3ELive-stream%3A+%3Ca+href%3D%22https%3A%2F%2Fwww.youtube.com%2Fwatch%3Fv%3D2muKHCScbMM%22+target%3D%22_blank%22+rel%3D%22noreferrer+noopener%22%3Ehttps%3A%2F%2Fwww.youtube.com%2Fwatch%3Fv%3D2muKHCScbMM%3C%2Fa%3E%3C%2Fp%3E+&#038;location=The%20Canadian%20Institute%20in%20Greece,%20Orminiou%203A,%20Athens,%2011528,%20Greece&#038;trp=false&#038;ctz=Europe\/Athens&#038;sprop=website:https:\/\/www.cig-icg.gr\/fr\/\"\n\t\t\t\t\t\t\t\t\t\tclass=\"tribe-events-c-subscribe-dropdown__list-item-link\"\n\t\t\t\t\t\t\t\t\t\ttarget=\"_blank\"\n\t\t\t\t\t\t\t\t\t\trel=\"noopener noreferrer nofollow noindex\"\n\t\t\t\t\t\t\t\t\t>\n\t\t\t\t\t\t\t\t\t\tGoogle Agenda\t\t\t\t\t\t\t\t\t<\/a>\n\t\t\t\t\t\t\t\t<\/li>\n\t\t\t\t\t\t\t\t\t\t\t\t\t\t\t<li class=\"tribe-events-c-subscribe-dropdown__list-item tribe-events-c-subscribe-dropdown__list-item--ical\">\n\t\t\t\t\t\t\t\t\t<a\n\t\t\t\t\t\t\t\t\t\thref=\"\"\n\t\t\t\t\t\t\t\t\t\tclass=\"tribe-events-c-subscribe-dropdown__list-item-link\"\n\t\t\t\t\t\t\t\t\t\ttarget=\"_blank\"\n\t\t\t\t\t\t\t\t\t\trel=\"noopener noreferrer nofollow noindex\"\n\t\t\t\t\t\t\t\t\t>\n\t\t\t\t\t\t\t\t\t\tiCalendar\t\t\t\t\t\t\t\t\t<\/a>\n\t\t\t\t\t\t\t\t<\/li>\n\t\t\t\t\t\t\t\t\t\t\t\t\t\t\t<li class=\"tribe-events-c-subscribe-dropdown__list-item tribe-events-c-subscribe-dropdown__list-item--outlook-365\">\n\t\t\t\t\t\t\t\t\t<a\n\t\t\t\t\t\t\t\t\t\thref=\"\"\n\t\t\t\t\t\t\t\t\t\tclass=\"tribe-events-c-subscribe-dropdown__list-item-link\"\n\t\t\t\t\t\t\t\t\t\ttarget=\"_blank\"\n\t\t\t\t\t\t\t\t\t\trel=\"noopener noreferrer nofollow noindex\"\n\t\t\t\t\t\t\t\t\t>\n\t\t\t\t\t\t\t\t\t\tOutlook 365\t\t\t\t\t\t\t\t\t<\/a>\n\t\t\t\t\t\t\t\t<\/li>\n\t\t\t\t\t\t\t\t\t\t\t\t\t\t\t<li class=\"tribe-events-c-subscribe-dropdown__list-item tribe-events-c-subscribe-dropdown__list-item--outlook-live\">\n\t\t\t\t\t\t\t\t\t<a\n\t\t\t\t\t\t\t\t\t\thref=\"\"\n\t\t\t\t\t\t\t\t\t\tclass=\"tribe-events-c-subscribe-dropdown__list-item-link\"\n\t\t\t\t\t\t\t\t\t\ttarget=\"_blank\"\n\t\t\t\t\t\t\t\t\t\trel=\"noopener noreferrer nofollow noindex\"\n\t\t\t\t\t\t\t\t\t>\n\t\t\t\t\t\t\t\t\t\tOutlook Live\t\t\t\t\t\t\t\t\t<\/a>\n\t\t\t\t\t\t\t\t<\/li>\n\t\t\t\t\t\t\t\t\t\t\t\t\t<\/ul>\n\t\t\t\t\t<\/div>\n\t\t\t\t<\/div>\n\t\t\t<\/div>\n\t\t<\/div>\n\t<\/div>\n\n","protected":false},"excerpt":{"rendered":"<p>Une soir\u00e9e litt\u00e9raire avec l&rsquo;auteure&nbsp;canadienne acclam\u00e9e&nbsp;Irena Karafilly en conversation avec l&rsquo;\u00e9crivaine et journaliste Diane Shugart. L&rsquo;\u00e9v\u00e9nement comprendra des lectures du roman de Mme&nbsp;Karafilly \u00ab Arrested Song \u00bb et une discussion approfondie sur son \u0153uvre, ses inspirations et ses&nbsp;liens<\/p>\n","protected":false},"author":2,"featured_media":14412,"template":"","meta":{"_EventAllDay":false,"_EventTimezone":"Europe\/Athens","_EventStartDate":"2025-03-19 18:30:00","_EventEndDate":"2025-03-19 20:30:00","_EventStartDateUTC":"2025-03-19 16:30:00","_EventEndDateUTC":"2025-03-19 18:30:00","_EventShowMap":false,"_EventShowMapLink":false,"_EventURL":"","_EventCost":"","_EventCostDescription":"","_EventCurrencySymbol":"$","_EventCurrencyCode":"USD","_EventCurrencyPosition":"prefix","_EventDateTimeSeparator":" @      ","_EventTimeRangeSeparator":"-","_EventOrganizerID":[],"_EventVenueID":[14423],"_OrganizerEmail":"","_OrganizerPhone":"","_OrganizerWebsite":"","_VenueAddress":"","_VenueCity":"","_VenueCountry":"","_VenueProvince":"","_VenueState":"","_VenueZip":"","_VenuePhone":"","_VenueURL":"","_VenueStateProvince":"","_VenueLat":"","_VenueLng":"","_VenueShowMap":false,"_VenueShowMapLink":false,"_tribe_events_status":"","_tribe_events_status_reason":"","footnotes":""},"tags":[],"tribe_events_cat":[],"class_list":["post-14418","tribe_events","type-tribe_events","status-publish","has-post-thumbnail","hentry"],"_links":{"self":[{"href":"https:\/\/www.cig-icg.gr\/fr\/wp-json\/wp\/v2\/tribe_events\/14418","targetHints":{"allow":["GET"]}}],"collection":[{"href":"https:\/\/www.cig-icg.gr\/fr\/wp-json\/wp\/v2\/tribe_events"}],"about":[{"href":"https:\/\/www.cig-icg.gr\/fr\/wp-json\/wp\/v2\/types\/tribe_events"}],"author":[{"embeddable":true,"href":"https:\/\/www.cig-icg.gr\/fr\/wp-json\/wp\/v2\/users\/2"}],"version-history":[{"count":0,"href":"https:\/\/www.cig-icg.gr\/fr\/wp-json\/wp\/v2\/tribe_events\/14418\/revisions"}],"wp:featuredmedia":[{"embeddable":true,"href":"https:\/\/www.cig-icg.gr\/fr\/wp-json\/wp\/v2\/media\/14412"}],"wp:attachment":[{"href":"https:\/\/www.cig-icg.gr\/fr\/wp-json\/wp\/v2\/media?parent=14418"}],"wp:term":[{"taxonomy":"post_tag","embeddable":true,"href":"https:\/\/www.cig-icg.gr\/fr\/wp-json\/wp\/v2\/tags?post=14418"},{"taxonomy":"tribe_events_cat","embeddable":true,"href":"https:\/\/www.cig-icg.gr\/fr\/wp-json\/wp\/v2\/tribe_events_cat?post=14418"}],"curies":[{"name":"wp","href":"https:\/\/api.w.org\/{rel}","templated":true}]}}