{"id":6887,"date":"2022-03-13T23:19:55","date_gmt":"2022-03-13T21:19:55","guid":{"rendered":"https:\/\/cig-icg.gr\/le-conseil-dadministration\/"},"modified":"2025-12-16T09:31:54","modified_gmt":"2025-12-16T07:31:54","slug":"le-conseil-dadministration","status":"publish","type":"page","link":"https:\/\/www.cig-icg.gr\/fr\/le-conseil-dadministration\/","title":{"rendered":"Conseil d&rsquo;administration"},"content":{"rendered":"<div class=\"fusion-fullwidth fullwidth-box fusion-builder-row-1 fusion-flex-container nonhundred-percent-fullwidth non-hundred-percent-height-scrolling\" style=\"--link_hover_color: var(--awb-color5);--link_color: var(--awb-color4);--awb-border-radius-top-left:0px;--awb-border-radius-top-right:0px;--awb-border-radius-bottom-right:0px;--awb-border-radius-bottom-left:0px;--awb-flex-wrap:wrap;\" ><div class=\"fusion-builder-row fusion-row fusion-flex-align-items-flex-start fusion-flex-content-wrap\" style=\"max-width:1216.8px;margin-left: calc(-4% \/ 2 );margin-right: calc(-4% \/ 2 );\"><div class=\"fusion-layout-column fusion_builder_column fusion-builder-column-0 fusion_builder_column_1_1 1_1 fusion-flex-column\" style=\"--awb-bg-size:cover;--awb-width-large:100%;--awb-margin-top-large:0px;--awb-spacing-right-large:1.92%;--awb-margin-bottom-large:20px;--awb-spacing-left-large:1.92%;--awb-width-medium:100%;--awb-order-medium:0;--awb-spacing-right-medium:1.92%;--awb-spacing-left-medium:1.92%;--awb-width-small:100%;--awb-order-small:0;--awb-spacing-right-small:1.92%;--awb-spacing-left-small:1.92%;\"><div class=\"fusion-column-wrapper fusion-column-has-shadow fusion-flex-justify-content-flex-start fusion-content-layout-column\"><div class=\"fusion-text fusion-text-1\"><p> Le Conseil d\u2019administration est responsable de tous les aspects fonctionnels de l\u2019Institut. Cela comprend un vaste ensemble de responsabilit\u00e9s administratives qui inclut les objectifs de mission, les relations avec les autorit\u00e9s grecques, les op\u00e9rations \u00e0 Ath\u00e8nes, les publications, les projets de recherche, les finances, les campagnes de financement, la gestion du personnel, les adh\u00e9sions et le rayonnement de l\u2019Institut \u00e0 l\u2019international. Il re\u00e7oit r\u00e9guli\u00e8rement des rapports de membres de l\u2019ex\u00e9cutif, les agents \u00e0 Ath\u00e8nes, les pr\u00e9sidents des comit\u00e9s, et le r\u00e9dacteur en chef du Bulletin de l\u2019ICG, et \u00e0 partir de ces rapports, le conseil d\u2019administration fait directement son rapport aux membres de l\u2019Institut parle biais de l\u2019assembl\u00e9e g\u00e9n\u00e9rale annuelle, et d\u2019un bulletin bimestriel. Le Conseil est compos\u00e9 de membres universitaires repr\u00e9sentant les diff\u00e9rents \u00e9tablissements d&rsquo;enseignement participants partout au Canada, ainsi que des membres acad\u00e9miques et non acad\u00e9miques nomm\u00e9s au conseil d\u2019administration de temps \u00e0 autre.<\/p>\n<h5><\/h5>\n<h3>Comit\u00e9 ex\u00e9cutif<\/h3>\n<p>Pr\u00e9sident : <a href=\"https:\/\/www.concordia.ca\/faculty\/matthew-buell.html\" target=\"_blank\" rel=\"noopener noreferrer\">Dr D. Matthew Buell<\/a> (Professeur adjoint, D\u00e9partement des lettres classiques, des langues modernes et de la linguistique)<\/p>\n<p>Secr\u00e9taire: <a href=\"https:\/\/www.dal.ca\/faculty\/arts\/classics\/faculty-staff\/our-faculty\/emily-varto.html\" target=\"_blank\" rel=\"noopener noreferrer\">Dr Emily Varto<\/a> (Professeur associ\u00e9, D\u00e9partement de lettres classiques, Universit\u00e9 Dalhousie)<\/p>\n<p>Secr\u00e9taire aux adh\u00e9sions : Dr Margaret Aiken (Mus\u00e9e su\u00e9dois d&rsquo;histoire naturelle)<\/p>\n<p>Pr\u00e9sident sortant : <a href=\"https:\/\/wlu.ca\/academics\/faculties\/faculty-of-arts\/faculty-profiles\/scott-gallimore\/index.html\" target=\"_blank\" rel=\"noopener noreferrer\">Dr Scott Gallimore<\/a> (Professeur associ\u00e9, D\u00e9partement d&rsquo;arch\u00e9ologie et d&rsquo;\u00e9tudes du patrimoine, Universit\u00e9 Wilfrid Laurier)<\/p>\n<h5><\/h5>\n<h3>Repr\u00e9sentants institutionnels<\/h3>\n<p>Universit\u00e9 Acadia: <a href=\"https:\/\/history.acadiau.ca\/faculty\/chelsea-gardner.html\" target=\"_blank\" rel=\"noopener noreferrer\">Dr Chelsea Gardner<\/a> (Professeur associ\u00e9, D\u00e9partement d&rsquo;histoire et de lettres classiques)<\/p>\n<p>Universit\u00e9 de l&rsquo;Alberta : <a href=\"https:\/\/apps.ualberta.ca\/directory\/person\/haagsma\" target=\"_blank\" rel=\"noopener noreferrer\">Dr Margriet Haagsma<\/a> (Professeur, D\u00e9partement d&rsquo;histoire, de lettres classiques et de religion)<\/p>\n<p>Universit\u00e9 de la Colombie-Britannique : <a href=\"https:\/\/amne.ubc.ca\/profile\/megan-daniels\/\" target=\"_blank\" rel=\"noopener noreferrer\">Dr Megan Daniels<\/a> (Professeur adjoint, D\u00e9partement d&rsquo;\u00e9tudes de la M\u00e9diterran\u00e9e ancienne et du Proche-Orient)<\/p>\n<p>Universit\u00e9 de Brock : <a href=\"https:\/\/brocku.ca\/humanities\/classics\/faculty-and-staff\/angus-smith\/\" target=\"_blank\" rel=\"noopener noreferrer\">Dr R. Angus K. Smith<\/a> (Professeur, D\u00e9partement de lettres classiques et d\u2019arch\u00e9ologie)<\/p>\n<p>Universit\u00e9 de Calgary: <a href=\"https:\/\/arts.ucalgary.ca\/classics-religion\/contact\/classics-and-religion-directory\/full-time-faculty\/profiles\/noreen-humble\" target=\"_blank\" rel=\"noopener noreferrer\">Dr Noreen Humble<\/a> (Professeur, D\u00e9partement de lettres classiques et de religion)<\/p>\n<p>Universit\u00e9 Carleton : <a href=\"https:\/\/carleton.ca\/chum\/people\/shane-hawkins\/\" target=\"_blank\" rel=\"noopener noreferrer\">Dr Shane Hawkins<\/a> (Professeur associ\u00e9, D\u00e9partement d&rsquo;\u00e9tudes grecques et romaines)<\/p>\n<p>Universit\u00e9 Concordia : <a href=\"https:\/\/www.concordia.ca\/faculty\/matthew-buell.html\" target=\"_blank\" rel=\"noopener noreferrer\">Dr D. Matthew Buell<\/a> (Professeur adjoint, D\u00e9partement des lettres classiques, des langues modernes et de la linguistique)<\/p>\n<p>Universit\u00e9 Dalhousie: <a href=\"https:\/\/www.dal.ca\/faculty\/arts\/classics\/faculty-staff\/our-faculty\/emily-varto.html\" target=\"_blank\" rel=\"noopener noreferrer\">Dr Emily Varto<\/a> (Professeur associ\u00e9, D\u00e9partement de lettres classiques)<\/p>\n<p>University of Manitoba: <a href=\"https:\/\/umanitoba.ca\/arts\/mark-lawall\" target=\"_blank\" rel=\"noopener noreferrer\">Dr Mark Lawall<\/a> (Professeur, D\u00e9partement de lettres classiques)<\/p>\n<p>Universit\u00e9 McGill: <a href=\"https:\/\/www.mcgill.ca\/history\/evan-vance\" target=\"_blank\" rel=\"noopener noreferrer\">Dr Evan Vance<\/a> (Professeur adjoint, D\u00e9partement d\u2019histoire et d&rsquo;\u00e9tudes classiques)<\/p>\n<p>Universit\u00e9 McMaster: <a href=\"https:\/\/experts.mcmaster.ca\/display\/spope\" target=\"_blank\" rel=\"noopener noreferrer\">Dr Spencer Pope<\/a> (Professeur associ\u00e9, D\u00e9partement d\u2019\u00e9tudes grecques et romaines)<\/p>\n<p>Universit\u00e9 de Montr\u00e9al : Dr Keven Ouellet (Centre d&rsquo;\u00e9tudes classiques)<\/p>\n<p>Universit\u00e9 du Nouveau-Brunswick :<a href=\"https:\/\/www.unb.ca\/faculty-staff\/directory\/arts-fr-historical-studies\/sears-matthew.html\" target=\"_blank\" rel=\"noopener noreferrer\"> Dr Matthew Sears<\/a> (Professeur, D\u00e9partement d&rsquo;\u00e9tudes historiques)<\/p>\n<p>Universit\u00e9 d&rsquo;Ottawa: <a href=\"https:\/\/uniweb.uottawa.ca\/members\/461\" target=\"_blank\" rel=\"noopener noreferrer\">Dr Jitse Dijkstra<\/a> (Professeur, D\u00e9partement d\u2019\u00e9tudes anciennes et de sciences des religions)<\/p>\n<p>Universit\u00e9 Queen&rsquo;s :<a href=\"https:\/\/www.queensu.ca\/classics\/people-search\/cristiana-zaccagnino-0\" target=\"_blank\" rel=\"noopener noreferrer\"> Dr Cristiana Zaccagnino<\/a> (Professeur, D\u00e9partement de lettres classiques et d\u2019arch\u00e9ologie)<\/p>\n<p>Universit\u00e9 Simon Fraser: <a href=\"https:\/\/www.sfu.ca\/hellenic-studies\/humans\/people\/s-higgins.html\" target=\"_blank\" rel=\"noopener noreferrer\">Dr Sabrina Higgins<\/a> (Professeur adjoint, Stavros Niarchos Foundation Centre for Hellenic Studies)<\/p>\n<p>Universit\u00e9 de Toronto : <a href=\"https:\/\/www.classics.utoronto.ca\/people\/directories\/all-faculty\/sarah-murray\" target=\"_blank\" rel=\"noopener noreferrer\">Dr Sarah Murray<\/a> (Professeur adjoint, D\u00e9partement de lettres classiques)<\/p>\n<p>Universit\u00e9 de Victoria : <a href=\"https:\/\/www.uvic.ca\/humanities\/greekroman\/faculty\/burkebrendan.php\" target=\"_blank\" rel=\"noopener noreferrer\">Dr Brendan Burke<\/a> (Professeur, D\u00e9partement d&rsquo;\u00e9tudes grecques et romaines)<\/p>\n<p>Universit\u00e9 de Waterloo : <a href=\"https:\/\/uwaterloo.ca\/classical-studies\/profiles\/craig-hardiman\" target=\"_blank\" rel=\"noopener noreferrer\">Dr Craig Hardiman<\/a> (Professeur associ\u00e9, D\u00e9partement d&rsquo;\u00e9tudes classiques)<\/p>\n<p>Universit\u00e9 Western: <a href=\"https:\/\/www.uwo.ca\/classics\/\/about-us\/canlas.html\" target=\"_blank\" rel=\"noopener noreferrer\">Dr Gino Canlas<\/a> (Professeur adjoint, D\u00e9partement d&rsquo;\u00e9tudes classiques)<\/p>\n<p>Universit\u00e9 Wilfrid Laurier : <a href=\"https:\/\/wlu.ca\/academics\/faculties\/faculty-of-arts\/faculty-profiles\/scott-gallimore\/index.html\" target=\"_blank\" rel=\"noopener noreferrer\">Dr Scott Gallimore<\/a> (Professeur associ\u00e9, D\u00e9partement d&rsquo;arch\u00e9ologie et d&rsquo;\u00e9tudes du patrimoine)<\/p>\n<p>Universit\u00e9 York: <a href=\"https:\/\/profiles.laps.yorku.ca\/profiles\/agekas\/\" target=\"_blank\" rel=\"noopener noreferrer\">Dr Sakis Gekas<\/a> (Professeur associ\u00e9, D\u00e9partement d\u2019histoire)<\/p>\n<h5><\/h5>\n<h3>Membres individuels<\/h3>\n<p>Dr Margaret Aiken (Mus\u00e9e su\u00e9dois d&rsquo;histoire naturelle)<\/p>\n<p>Dr D. J. Ian Begg (Associ\u00e9 de Recherches honorifique, D\u00e9partement d\u2019histoire ancienne et de lettres classiques, Universit\u00e9 Trent)<\/p>\n<p>Dr Sheila Campbell (Professeur \u00e9m\u00e9rite, Institut Pontifical d\u2019\u00e9tudes m\u00e9di\u00e9vales, Universit\u00e9 de Toronto)<\/p>\n<p><a href=\"https:\/\/www.concordia.ca\/artsci\/cmll\/faculty.html?fpid=jane-francis\" target=\"_blank\" rel=\"noopener noreferrer\">Dr Jane Francis<\/a> (Professeur, D\u00e9partement de lettres classiques, langues modernes et linguistique, Universit\u00e9 Concordia)<\/p>\n<p>Elaine Godwin<\/p>\n<p>Monica Munaretto<\/p>\n<p><a href=\"https:\/\/www.unb.ca\/faculty-staff\/directory\/arts-fr-historical-studies\/papaioannou-maria.html\" target=\"_blank\" rel=\"noopener noreferrer\">Dr Maria Papaioannou<\/a> (Professeur honoraire de recherche, D\u00e9partement d&rsquo;\u00e9tudes historiques, Universit\u00e9 de Nouveau-Brunswick)<\/p>\n<p>Robert Peck (Ancien ambassadeur du Canada \u00e0 la R\u00e9publique hell\u00e9nique)<\/p>\n<p><a href=\"https:\/\/www.classics.utoronto.ca\/people\/directories\/all-faculty\/john-traill\" target=\"_blank\" rel=\"noopener noreferrer\">Dr John Traill<\/a> (Professeur \u00e9m\u00e9rite, D\u00e9partement de lettres classiques, Universit\u00e9 de Toronto)<\/p>\n<p><a href=\"https:\/\/amne.ubc.ca\/profile\/hector-williams\/\" target=\"_blank\" rel=\"noopener noreferrer\">Dr E. Hector Williams<\/a> (Professeur \u00e9m\u00e9rite, D\u00e9partement d&rsquo;\u00e9tudes de la M\u00e9diterran\u00e9e ancienne et du Proche-Orient, Universit\u00e9 de Colombie britannique)<\/p>\n<p>Dr Alexis Young (Assistante, Facult\u00e9 d\u2019Art, Universit\u00e9 Wilfrid Laurier)<\/p>\n<h5><\/h5>\n<h3>Repr\u00e9sentants sp\u00e9ciaux<\/h3>\n<p>Societ\u00e9 candienne des \u00e9tudes classiques : <a href=\"https:\/\/apps.ualberta.ca\/directory\/person\/fskoczyl\" target=\"_blank\" rel=\"noopener\">Dr Frances Pownell<\/a> (Pr\u00e9sidente, SCEC ; Professeur, D\u00e9partement d&rsquo;histoire, de lettres classiques et de religion, Universit\u00e9 de l&rsquo;Alberta)<\/p>\n<p>Ambassade du Canada en Gr\u00e8ce : S.E. Sonya Thissen<\/p>\n<p>Hellenic Heritage Foundation: George Keroglidis<\/p>\n<p>Repr\u00e9sentants des \u00e9tudiants : Scott Evans, Graham Braun<\/p>\n<h5><\/h5>\n<h3>Pr\u00e9sidents des Comit\u00e9s<\/h3>\n<p>Comit\u00e9 de construction : <a href=\"https:\/\/www.concordia.ca\/faculty\/matthew-buell.html\" target=\"_blank\" rel=\"noopener noreferrer\">Dr D. Matthew Buell<\/a><\/p>\n<p>Comit\u00e9 des finances : <a href=\"https:\/\/www.concordia.ca\/faculty\/matthew-buell.html\" target=\"_blank\" rel=\"noopener noreferrer\">Dr D. Matthew Buell<\/a><\/p>\n<p>Comit\u00e9 de la biblioth\u00e8que: <a href=\"https:\/\/profiles.laps.yorku.ca\/profiles\/agekas\/\" target=\"_blank\" rel=\"noopener noreferrer\">Dr Sakis Gekas<\/a><\/p>\n<p>Comit\u00e9 des nominations: <a href=\"https:\/\/www.concordia.ca\/faculty\/matthew-buell.html\" target=\"_blank\" rel=\"noopener noreferrer\">Dr D. Matthew Buell<\/a><\/p>\n<p>Comit\u00e9 des permis : <a href=\"https:\/\/wlu.ca\/academics\/faculties\/faculty-of-arts\/faculty-profiles\/scott-gallimore\/index.html\" target=\"_blank\" rel=\"noopener noreferrer\">Dr Scott Gallimore<\/a><\/p>\n<p>Comit\u00e9 du personnel cadre &amp; des bourses: <a href=\"https:\/\/wlu.ca\/academics\/faculties\/faculty-of-arts\/faculty-profiles\/scott-gallimore\/index.html\" target=\"_blank\" rel=\"noopener noreferrer\">Dr Scott Gallimore<\/a><\/p>\n<p>Comit\u00e9 des publications : <a href=\"https:\/\/experts.mcmaster.ca\/display\/spope\" target=\"_blank\" rel=\"noopener noreferrer\">Dr Spencer Pope<\/a><\/p>\n<p>\u00c9diteur du bulletin: <a href=\"https:\/\/www.dal.ca\/faculty\/arts\/classics\/faculty-staff\/our-faculty\/emily-varto.html\" target=\"_blank\" rel=\"noopener noreferrer\">Dr Emily Varto<\/a><\/p>\n<\/div><\/div><\/div><\/div><\/div>\n","protected":false},"excerpt":{"rendered":"","protected":false},"author":1,"featured_media":6323,"parent":0,"menu_order":0,"comment_status":"closed","ping_status":"closed","template":"","meta":{"_EventAllDay":false,"_EventTimezone":"","_EventStartDate":"","_EventEndDate":"","_EventStartDateUTC":"","_EventEndDateUTC":"","_EventShowMap":false,"_EventShowMapLink":false,"_EventURL":"","_EventCost":"","_EventCostDescription":"","_EventCurrencySymbol":"","_EventCurrencyCode":"","_EventCurrencyPosition":"","_EventDateTimeSeparator":"","_EventTimeRangeSeparator":"","_EventOrganizerID":[],"_EventVenueID":[],"_OrganizerEmail":"","_OrganizerPhone":"","_OrganizerWebsite":"","_VenueAddress":"","_VenueCity":"","_VenueCountry":"","_VenueProvince":"","_VenueState":"","_VenueZip":"","_VenuePhone":"","_VenueURL":"","_VenueStateProvince":"","_VenueLat":"","_VenueLng":"","_VenueShowMap":false,"_VenueShowMapLink":false,"footnotes":""},"class_list":["post-6887","page","type-page","status-publish","has-post-thumbnail","hentry"],"_links":{"self":[{"href":"https:\/\/www.cig-icg.gr\/fr\/wp-json\/wp\/v2\/pages\/6887","targetHints":{"allow":["GET"]}}],"collection":[{"href":"https:\/\/www.cig-icg.gr\/fr\/wp-json\/wp\/v2\/pages"}],"about":[{"href":"https:\/\/www.cig-icg.gr\/fr\/wp-json\/wp\/v2\/types\/page"}],"author":[{"embeddable":true,"href":"https:\/\/www.cig-icg.gr\/fr\/wp-json\/wp\/v2\/users\/1"}],"replies":[{"embeddable":true,"href":"https:\/\/www.cig-icg.gr\/fr\/wp-json\/wp\/v2\/comments?post=6887"}],"version-history":[{"count":0,"href":"https:\/\/www.cig-icg.gr\/fr\/wp-json\/wp\/v2\/pages\/6887\/revisions"}],"wp:featuredmedia":[{"embeddable":true,"href":"https:\/\/www.cig-icg.gr\/fr\/wp-json\/wp\/v2\/media\/6323"}],"wp:attachment":[{"href":"https:\/\/www.cig-icg.gr\/fr\/wp-json\/wp\/v2\/media?parent=6887"}],"curies":[{"name":"wp","href":"https:\/\/api.w.org\/{rel}","templated":true}]}}